{"id":3,"date":"2024-07-25T16:20:06","date_gmt":"2024-07-25T14:20:06","guid":{"rendered":"https:\/\/singularidad.ai\/?page_id=3"},"modified":"2024-07-29T19:19:05","modified_gmt":"2024-07-29T17:19:05","slug":"politica-privacidad","status":"publish","type":"page","link":"https:\/\/singularidad.ai\/?page_id=3","title":{"rendered":"Pol\u00edtica de privacidad"},"content":{"rendered":"\n<ol class=\"wp-block-list\">\n<li><strong>Datos del responsable del tratamiento<\/strong><\/li>\n<\/ol>\n\n\n\n<p>Raz\u00f3n Social: Carlos Fenollosa Bielsa<\/p>\n\n\n\n<p>DNI: 47835592-P<br>Direcci\u00f3n: Pl. Ernest Lluch i Martin, 5, Planta 16, Barcelona<br>Email:&nbsp;carlos@cfenollosa.com<\/p>\n\n\n\n<ol start=\"2\" class=\"wp-block-list\">\n<li><strong>Normativa aplicable<\/strong><\/li>\n<\/ol>\n\n\n\n<p>Nuestra Pol\u00edtica de Privacidad se ha dise\u00f1ado de acuerdo con el Reglamento General de Protecci\u00f3n de Datos de la UE 2016\/679 del Parlamento Europeo y del Consejo, de 27 de abril de 2016, relativo a la protecci\u00f3n de las personas f\u00edsicas en lo que respecta al tratamiento de datos personales y a la libre circulaci\u00f3n de estos datos y por el que se deroga la Directiva 95\/46\/CE (Reglamento general de protecci\u00f3n de datos), con la Ley Org\u00e1nica 3\/2018, de 5 de diciembre, de Protecci\u00f3n de Datos Personales y garant\u00eda de los derechos digitales, y su normativa de desarrollo.<\/p>\n\n\n\n<p>La empresa podr\u00e1 modificar la presente pol\u00edtica de privacidad para adaptarla a las novedades legislativas, jurisprudenciales o de interpretaci\u00f3n de la Agencia Espa\u00f1ola de Protecci\u00f3n de Datos. Estas condiciones de privacidad podr\u00e1n ser complementadas por el Aviso Legal, Pol\u00edtica de Cookies y las Condiciones Generales que, en su caso, se recojan para la venta de determinados productos o servicios, si dicho acceso supone alguna especialidad en materia de protecci\u00f3n de datos de car\u00e1cter personal.<\/p>\n\n\n\n<ol start=\"3\" class=\"wp-block-list\">\n<li><strong>Finalidad del tratamiento de los datos personales<\/strong><\/li>\n<\/ol>\n\n\n\n<p>El tratamiento que realizamos de sus datos personales responde a las siguientes finalidades:<\/p>\n\n\n\n<ul class=\"wp-block-list\">\n<li>Remitirle correos electr\u00f3nicos relacionados con el libro \u00abLa singularidad\u00bb<\/li>\n<\/ul>\n\n\n\n<ol start=\"4\" class=\"wp-block-list\">\n<li><strong>Legitimaci\u00f3n para tratar los datos recabados<\/strong><\/li>\n<\/ol>\n\n\n\n<ul class=\"wp-block-list\">\n<li>La base jur\u00eddica es el inter\u00e9s leg\u00edtimo existente, en base a su consentimiento expreso para recibir dichos correos, manifestado a trav\u00e9s de la marcaci\u00f3n de la casilla de aceptaci\u00f3n correspondiente.<\/li>\n<\/ul>\n\n\n\n<ol start=\"5\" class=\"wp-block-list\">\n<li><strong>\u00bfPor cu\u00e1nto tiempo conservaremos sus datos<\/strong>?<\/li>\n<\/ol>\n\n\n\n<ul class=\"wp-block-list\">\n<li>Conservaremos sus datos personales desde que nos d\u00e9 su consentimiento hasta que lo revoque.<\/li>\n<\/ul>\n\n\n\n<ol start=\"6\" class=\"wp-block-list\">\n<li><strong>Cesiones<\/strong><\/li>\n<\/ol>\n\n\n\n<p>Sus datos no ser\u00e1n cedidos, con dos excepciones: por cumplimiento de obligaciones legales, o a terceras entidades que deban participar en el desarrollo de la actividad de manera necesaria (por ejemplo, la editorial Arpa Editores).<\/p>\n\n\n\n<ol start=\"7\" class=\"wp-block-list\">\n<li><strong>Transferencias internacionales<\/strong><\/li>\n<\/ol>\n\n\n\n<p>No se llevar\u00e1n a cabo transferencias internacionales<\/p>\n\n\n\n<ol start=\"8\" class=\"wp-block-list\">\n<li><strong>Medidas de seguridad<\/strong><\/li>\n<\/ol>\n\n\n\n<p>Dentro de nuestro compromiso por garantizar la seguridad y confidencialidad de sus datos de car\u00e1cter personal, le informamos que se han adoptado las medidas de \u00edndole t\u00e9cnica y organizativas necesarias para garantizar la seguridad de los datos de car\u00e1cter personal y evitar su alteraci\u00f3n, p\u00e9rdida, tratamiento o acceso no autorizado, habida cuenta del estado de la tecnolog\u00eda, la naturaleza de los datos almacenados y los riesgos a que est\u00e9n expuestos. No obstante, lo anterior, el usuario debe ser consciente de que las medidas de seguridad en Internet no son inexpugnables.<\/p>\n\n\n\n<p>Usted puede obtener m\u00e1s informaci\u00f3n sobre las medidas de seguridad que aplicamos contactando con nosotros en los canales indicados al inicio de la presente Pol\u00edtica de Privacidad en el apartado de identificaci\u00f3n del Responsable del tratamiento.<\/p>\n\n\n\n<ol start=\"9\" class=\"wp-block-list\">\n<li><strong>Derechos del Interesado<\/strong><\/li>\n<\/ol>\n\n\n\n<p>El interesado tiene los siguientes derechos en cuanto al tratamiento de sus datos personales, y podr\u00e1 ejercitar los mismos dirigi\u00e9ndose ante el Responsable del Tratamiento:<\/p>\n\n\n\n<ul class=\"wp-block-list\">\n<li>Derecho a solicitar el acceso a sus datos personales.<\/li>\n\n\n\n<li>Derecho a solicitar su rectificaci\u00f3n si son inexactos, o bien solicitar su supresi\u00f3n (por ejemplo, si considera que ya no son necesarios para los fines que fueron recogidos).<\/li>\n\n\n\n<li>Derecho a solicitar la limitaci\u00f3n de su tratamiento, siempre que se cumpla alguna de las condiciones previstas en la normativa, en cuyo caso \u00fanicamente los conservaremos para el ejercicio o la defensa de reclamaciones.<\/li>\n\n\n\n<li>Derecho a oponerse al tratamiento, por ejemplo, en cuanto a la remisi\u00f3n de informaci\u00f3n comercial por nuestra parte, en cuyo caso dejaremos de tratar sus datos para esa finalidad, salvo por motivos leg\u00edtimos imperiosos, o el ejercicio o la defensa de posibles reclamaciones.<\/li>\n\n\n\n<li>Derecho a la portabilidad de los datos.<\/li>\n\n\n\n<li>Derecho a presentar una reclamaci\u00f3n ante la Agencia Espa\u00f1ola de Protecci\u00f3n de Datos (autoridad de control en materia de Protecci\u00f3n de Datos competente), especialmente cuando no haya obtenido satisfacci\u00f3n en el ejercicio de sus derechos:&nbsp;<a href=\"http:\/\/www.aepd.es\/\">aepd.es<\/a><\/li>\n<\/ul>\n","protected":false},"excerpt":{"rendered":"<p>Raz\u00f3n Social: Carlos Fenollosa Bielsa DNI: 47835592-PDirecci\u00f3n: Pl. Ernest Lluch i Martin, 5, Planta 16, BarcelonaEmail:&nbsp;carlos@cfenollosa.com Nuestra Pol\u00edtica de Privacidad se ha dise\u00f1ado de acuerdo con el Reglamento General de Protecci\u00f3n de Datos de la UE 2016\/679 del Parlamento Europeo y del Consejo, de 27 &hellip; <\/p>\n","protected":false},"author":1,"featured_media":0,"parent":0,"menu_order":0,"comment_status":"closed","ping_status":"open","template":"","meta":{"footnotes":""},"class_list":["post-3","page","type-page","status-publish","hentry"],"_links":{"self":[{"href":"https:\/\/singularidad.ai\/index.php?rest_route=\/wp\/v2\/pages\/3","targetHints":{"allow":["GET"]}}],"collection":[{"href":"https:\/\/singularidad.ai\/index.php?rest_route=\/wp\/v2\/pages"}],"about":[{"href":"https:\/\/singularidad.ai\/index.php?rest_route=\/wp\/v2\/types\/page"}],"author":[{"embeddable":true,"href":"https:\/\/singularidad.ai\/index.php?rest_route=\/wp\/v2\/users\/1"}],"replies":[{"embeddable":true,"href":"https:\/\/singularidad.ai\/index.php?rest_route=%2Fwp%2Fv2%2Fcomments&post=3"}],"version-history":[{"count":2,"href":"https:\/\/singularidad.ai\/index.php?rest_route=\/wp\/v2\/pages\/3\/revisions"}],"predecessor-version":[{"id":429,"href":"https:\/\/singularidad.ai\/index.php?rest_route=\/wp\/v2\/pages\/3\/revisions\/429"}],"wp:attachment":[{"href":"https:\/\/singularidad.ai\/index.php?rest_route=%2Fwp%2Fv2%2Fmedia&parent=3"}],"curies":[{"name":"wp","href":"https:\/\/api.w.org\/{rel}","templated":true}]}}